{"id":12873,"date":"2025-12-05T10:40:11","date_gmt":"2025-12-05T10:40:11","guid":{"rendered":"https:\/\/www.mallorcanaval.es\/?page_id=12873"},"modified":"2025-12-18T21:25:22","modified_gmt":"2025-12-18T21:25:22","slug":"selene-yachts","status":"publish","type":"page","link":"https:\/\/www.mallorcanaval.es\/es\/selene-yachts","title":{"rendered":"Selene Yachts"},"content":{"rendered":"\t\t<div data-elementor-type=\"wp-page\" data-elementor-id=\"12873\" class=\"elementor elementor-12873 elementor-12872\">\n\t\t\t\t\t\t<section class=\"elementor-section elementor-top-section elementor-element elementor-element-1f91e988 elementor-section-height-min-height elementor-section-content-middle elementor-section-boxed elementor-section-height-default elementor-section-items-middle wpr-particle-no wpr-jarallax-no wpr-parallax-no wpr-sticky-section-no wpr-equal-height-no\" data-id=\"1f91e988\" data-element_type=\"section\" data-e-type=\"section\" data-settings=\"{&quot;background_background&quot;:&quot;classic&quot;}\">\n\t\t\t\t\t\t<div class=\"elementor-container elementor-column-gap-no\">\n\t\t\t\t\t<div class=\"elementor-column elementor-col-100 elementor-top-column elementor-element elementor-element-3d055604\" data-id=\"3d055604\" data-element_type=\"column\" data-e-type=\"column\">\n\t\t\t<div class=\"elementor-widget-wrap elementor-element-populated\">\n\t\t\t\t\t\t<div class=\"elementor-element elementor-element-13ebd18b elementor-widget elementor-widget-heading\" data-id=\"13ebd18b\" data-element_type=\"widget\" data-e-type=\"widget\" data-widget_type=\"heading.default\">\n\t\t\t\t<div class=\"elementor-widget-container\">\n\t\t\t\t\t<h1 class=\"elementor-heading-title elementor-size-default\">LOS YATES SELENE NO SON EMBARCACIONES DE PRODUCCI\u00d3N EN SERIE, SINO EMBARCACIONES SEMIPERSONALIZADAS, ARTESANALES Y S\u00d3LIDAS QUE EST\u00c1N DISPONIBLES PARA USTED A PRECIOS COMPARABLES A LOS DE EMBARCACIONES DE PRODUCCI\u00d3N<\/h1>\t\t\t\t<\/div>\n\t\t\t\t<\/div>\n\t\t\t\t<div class=\"elementor-element elementor-element-6edecb29 elementor-widget elementor-widget-text-editor\" data-id=\"6edecb29\" data-element_type=\"widget\" data-e-type=\"widget\" data-widget_type=\"text-editor.default\">\n\t\t\t\t<div class=\"elementor-widget-container\">\n\t\t\t\t\t\t\t\t\t<p>EXISTE UNA GRAN DIFERENCIA ENTRE UN \u201cTRAWLER\u201d RECREATIVO Y UN VERDADERO BARCO DE TRAVES\u00cdA OCE\u00c1NICA COMO UN SELENE. LA CAPACIDAD DE NAVEGAR CON CONFIANZA A TRAV\u00c9S DE CUALQUIER MAR U OC\u00c9ANO, CON SEGURIDAD Y COMODIDAD, ES LA PRINCIPAL RAZ\u00d3N POR LA QUE LOS NAVEGANTES EXPERIMENTADOS ELIGEN SELENE, YA SEA PARA AVENTURAS COSTERAS, GLOBALES O EN CUALQUIER PUNTO INTERMEDIO. LAS DIFERENCIAS INCLUYEN CASCOS M\u00c1S RESISTENTES, MAMPAROS Y PUERTAS ESTANCAS, H\u00c9LICE Y TIM\u00d3N COMPLETAMENTE PROTEGIDOS POR QUILLA, BOMBAS DE ACHIQUE DE RESPALDO, AMPLIOS IMBORNALES, MOTORES DE SERVICIO CONTINUO Y SISTEMAS AUTOM\u00c1TICOS DE EXTINCI\u00d3N DE INCENDIOS EN LA SALA DE M\u00c1QUINAS. DISE\u00d1AMOS Y CONSTRUIMOS NUESTROS YATES EN NUESTRO PROPIO ASTILLERO, DESDE EL PRIMER TAMBOR DE RESINA Y EL PRIMER ROLLO DE FIBRA HASTA LA TAPICER\u00cdA DEL SAL\u00d3N. NO SUBCONTRATAMOS EL TRABAJO A UN \u201cASTILLERO ASOCIADO\u201d DE TERCEROS COMO MUCHAS OTRAS MARCAS. HEMOS CONSTRUIDO M\u00c1S DE 400 YATES HASTA LA FECHA.<\/p>\t\t\t\t\t\t\t\t<\/div>\n\t\t\t\t<\/div>\n\t\t\t\t<div class=\"elementor-element elementor-element-0a18c0e elementor-widget elementor-widget-text-editor\" data-id=\"0a18c0e\" data-element_type=\"widget\" data-e-type=\"widget\" data-widget_type=\"text-editor.default\">\n\t\t\t\t<div class=\"elementor-widget-container\">\n\t\t\t\t\t\t\t\t\t<p>HOWARD CHEN CONTIN\u00daA INVOLUCR\u00c1NDOSE \u00cdNTIMAMENTE EN CADA PROYECTO Y DISFRUTA ENORMEMENTE GENERANDO NUEVAS IDEAS PARA RENOVAR SUS DISE\u00d1OS. SI DECIDE COMPRAR UN NUEVO YATE SELENE, PUEDE ESTAR SEGURO DE QUE RECIBIR\u00c1 UNA ATENCI\u00d3N MUY PERSONAL DE PARTE DE HOWARD Y SU EQUIPO.<\/p>\t\t\t\t\t\t\t\t<\/div>\n\t\t\t\t<\/div>\n\t\t\t\t\t<\/div>\n\t\t<\/div>\n\t\t\t\t\t<\/div>\n\t\t<\/section>\n\t\t\t\t<section class=\"elementor-section elementor-top-section elementor-element elementor-element-4b90bc4 elementor-section-content-middle elementor-section-boxed elementor-section-height-default elementor-section-height-default wpr-particle-no wpr-jarallax-no wpr-parallax-no wpr-sticky-section-no wpr-equal-height-no\" data-id=\"4b90bc4\" data-element_type=\"section\" data-e-type=\"section\" data-settings=\"{&quot;background_background&quot;:&quot;classic&quot;}\">\n\t\t\t\t\t\t<div class=\"elementor-container elementor-column-gap-narrow\">\n\t\t\t\t\t<div class=\"elementor-column elementor-col-100 elementor-top-column elementor-element elementor-element-1d60e57\" data-id=\"1d60e57\" data-element_type=\"column\" data-e-type=\"column\">\n\t\t\t<div class=\"elementor-widget-wrap elementor-element-populated\">\n\t\t\t\t\t\t<div class=\"elementor-element elementor-element-d1d7dd0 elementor-widget-laptop__width-initial elementor-widget elementor-widget-heading\" data-id=\"d1d7dd0\" data-element_type=\"widget\" data-e-type=\"widget\" data-widget_type=\"heading.default\">\n\t\t\t\t<div class=\"elementor-widget-container\">\n\t\t\t\t\t<h3 class=\"elementor-heading-title elementor-size-default\">NUESTRA FLOTA<\/h3>\t\t\t\t<\/div>\n\t\t\t\t<\/div>\n\t\t\t\t<div class=\"elementor-element elementor-element-1070666 elementor-widget elementor-widget-heading\" data-id=\"1070666\" data-element_type=\"widget\" data-e-type=\"widget\" data-widget_type=\"heading.default\">\n\t\t\t\t<div class=\"elementor-widget-container\">\n\t\t\t\t\t<h2 class=\"elementor-heading-title elementor-size-default\">SELENE CLASSIC EXPLORER<\/h2>\t\t\t\t<\/div>\n\t\t\t\t<\/div>\n\t\t\t\t<div class=\"elementor-element elementor-element-9a5f8db elementor-widget elementor-widget-text-editor\" data-id=\"9a5f8db\" data-element_type=\"widget\" data-e-type=\"widget\" data-widget_type=\"text-editor.default\">\n\t\t\t\t<div class=\"elementor-widget-container\">\n\t\t\t\t\t\t\t\t\t<p>NOMBRADA EN HONOR A LA DIOSA DE LA LUNA Y CREADA CON UN ESP\u00cdRITU DE EXCELENCIA, LA L\u00cdNEA SELENE EXPLORER DE BARCOS DE EXPLORACI\u00d3N OCE\u00c1NICA COMBINA LA ARTESAN\u00cdA DEL VIEJO MUNDO CON LA TECNOLOG\u00cdA DEL NUEVO MUNDO. YA SEA CRUZANDO LOS MARES EN BUSCA DE LA LEYENDA DE LA ANTIGUA GRECIA, RECORRIENDO ISLAS TROPICALES CON C\u00c1LIDOS VIENTOS ALISIOS A TU POPA, NEGOCIANDO R\u00c1PIDOS AMENAZANTES EN LA COLUMBIA BRIT\u00c1NICA O ESQUIVANDO ICEBERGS EN ALASKA O EL PASAJE INTERIOR, LOS SELENE EXPLORER ACEPTAN EL DESAF\u00cdO. CON UN ALCANCE DE 3,000 MILLAS N\u00c1UTICAS Y UNA VELOCIDAD DE CRUCERO DE 10 NUDOS, LOS SELENE EXPLORER OFRECEN LA CAPACIDAD DE EXPLORAR EL MUNDO DONDEQUIERA QUE LA LUNA Y LAS ESTRELLAS TE GU\u00cdEN\u2026 YA SEA QUE TENGAS EN MENTE EL GREAT LOOP, UN PASO OCE\u00c1NICO SEGURO Y RELAJADO, EXPLORAR CALETAS EN LAS BAHAMAS, SALTAR ENTRE ISLAS EN INDONESIA, REALIZAR UNA EXTENSA NAVEGACI\u00d3N COSTERA CON ESTILO EN EL MAR MEDITERR\u00c1NEO, EXPLORAR LAS ALTAS LATITUDES O DISFRUTAR UN FIN DE SEMANA FAMILIAR EN EL MAR EN UN BARCO LLENO DE FELICIDAD, SEAS TU PROPIO CAPIT\u00c1N O LLEVES UNA TRIPULACI\u00d3N, LOS SELENE EXPLORER PUEDEN CONVERTIRSE<br \/>EN EL YATE DE TUS SUE\u00d1OS. LOS BARCOS SELENE TIENEN EN COM\u00daN SER ELEGANTES, CONFIABLES Y CAPACES DE ENFRENTAR EL OC\u00c9ANO CON SEGURIDAD Y COMODIDAD. LA FILOSOF\u00cdA DE SELENE ES QUE UN BUEN BARCO TAMBI\u00c9N DEBE SER UN BARCO HERMOSO\u2026<\/p>\t\t\t\t\t\t\t\t<\/div>\n\t\t\t\t<\/div>\n\t\t\t\t\t<\/div>\n\t\t<\/div>\n\t\t\t\t\t<\/div>\n\t\t<\/section>\n\t\t\t\t<section class=\"elementor-section elementor-top-section elementor-element elementor-element-1e30c99 elementor-section-full_width elementor-section-height-default elementor-section-height-default wpr-particle-no wpr-jarallax-no wpr-parallax-no wpr-sticky-section-no wpr-equal-height-no\" data-id=\"1e30c99\" data-element_type=\"section\" data-e-type=\"section\" data-settings=\"{&quot;background_background&quot;:&quot;classic&quot;}\">\n\t\t\t\t\t\t<div class=\"elementor-container elementor-column-gap-no\">\n\t\t\t\t\t<div class=\"elementor-column elementor-col-100 elementor-top-column elementor-element elementor-element-c872f02\" data-id=\"c872f02\" data-element_type=\"column\" data-e-type=\"column\">\n\t\t\t<div class=\"elementor-widget-wrap elementor-element-populated\">\n\t\t\t\t\t\t<section class=\"elementor-section elementor-inner-section elementor-element elementor-element-e1dd702 elementor-section-full_width elementor-section-height-default elementor-section-height-default wpr-particle-no wpr-jarallax-no wpr-parallax-no wpr-sticky-section-no wpr-equal-height-no\" data-id=\"e1dd702\" data-element_type=\"section\" data-e-type=\"section\">\n\t\t\t\t\t\t<div class=\"elementor-container elementor-column-gap-no\">\n\t\t\t\t\t<div class=\"elementor-column elementor-col-33 elementor-inner-column elementor-element elementor-element-2234e71\" data-id=\"2234e71\" data-element_type=\"column\" data-e-type=\"column\">\n\t\t\t<div class=\"elementor-widget-wrap elementor-element-populated\">\n\t\t\t\t\t\t<div class=\"elementor-element elementor-element-9719add boat-card elementor-position-top elementor-widget elementor-widget-image-box\" data-id=\"9719add\" data-element_type=\"widget\" data-e-type=\"widget\" data-widget_type=\"image-box.default\">\n\t\t\t\t<div class=\"elementor-widget-container\">\n\t\t\t\t\t<div class=\"elementor-image-box-wrapper\"><figure class=\"elementor-image-box-img\"><a href=\"https:\/\/www.mallorcanaval.es\/es\/selene-45\" tabindex=\"-1\"><img fetchpriority=\"high\" decoding=\"async\" width=\"800\" height=\"600\" src=\"https:\/\/www.mallorcanaval.es\/wp-content\/uploads\/2025\/12\/selene-classis-trawler-45-cover.jpg\" class=\"attachment-full size-full wp-image-13047\" alt=\"\" srcset=\"https:\/\/www.mallorcanaval.es\/wp-content\/uploads\/2025\/12\/selene-classis-trawler-45-cover.jpg 800w, https:\/\/www.mallorcanaval.es\/wp-content\/uploads\/2025\/12\/selene-classis-trawler-45-cover-300x225.jpg 300w, https:\/\/www.mallorcanaval.es\/wp-content\/uploads\/2025\/12\/selene-classis-trawler-45-cover-768x576.jpg 768w, https:\/\/www.mallorcanaval.es\/wp-content\/uploads\/2025\/12\/selene-classis-trawler-45-cover-640x480.jpg 640w\" sizes=\"(max-width: 800px) 100vw, 800px\" \/><\/a><\/figure><div class=\"elementor-image-box-content\"><h2 class=\"elementor-image-box-title\"><a href=\"https:\/\/www.mallorcanaval.es\/es\/selene-45\">Classic Trawler 45<\/a><\/h2><\/div><\/div>\t\t\t\t<\/div>\n\t\t\t\t<\/div>\n\t\t\t\t\t<\/div>\n\t\t<\/div>\n\t\t\t\t<div class=\"elementor-column elementor-col-33 elementor-inner-column elementor-element elementor-element-406f763\" data-id=\"406f763\" data-element_type=\"column\" data-e-type=\"column\">\n\t\t\t<div class=\"elementor-widget-wrap elementor-element-populated\">\n\t\t\t\t\t\t<div class=\"elementor-element elementor-element-65cb5e2 boat-card elementor-position-top elementor-widget elementor-widget-image-box\" data-id=\"65cb5e2\" data-element_type=\"widget\" data-e-type=\"widget\" data-widget_type=\"image-box.default\">\n\t\t\t\t<div class=\"elementor-widget-container\">\n\t\t\t\t\t<div class=\"elementor-image-box-wrapper\"><figure class=\"elementor-image-box-img\"><a href=\"https:\/\/www.mallorcanaval.es\/es\/selene-49\" tabindex=\"-1\"><img decoding=\"async\" width=\"800\" height=\"600\" src=\"https:\/\/www.mallorcanaval.es\/wp-content\/uploads\/2025\/12\/selene-classis-trawler-49-cover.jpg\" class=\"attachment-full size-full wp-image-13049\" alt=\"\" srcset=\"https:\/\/www.mallorcanaval.es\/wp-content\/uploads\/2025\/12\/selene-classis-trawler-49-cover.jpg 800w, https:\/\/www.mallorcanaval.es\/wp-content\/uploads\/2025\/12\/selene-classis-trawler-49-cover-300x225.jpg 300w, https:\/\/www.mallorcanaval.es\/wp-content\/uploads\/2025\/12\/selene-classis-trawler-49-cover-768x576.jpg 768w, https:\/\/www.mallorcanaval.es\/wp-content\/uploads\/2025\/12\/selene-classis-trawler-49-cover-640x480.jpg 640w\" sizes=\"(max-width: 800px) 100vw, 800px\" \/><\/a><\/figure><div class=\"elementor-image-box-content\"><h2 class=\"elementor-image-box-title\"><a href=\"https:\/\/www.mallorcanaval.es\/es\/selene-49\">Classic Trawler 49<\/a><\/h2><\/div><\/div>\t\t\t\t<\/div>\n\t\t\t\t<\/div>\n\t\t\t\t\t<\/div>\n\t\t<\/div>\n\t\t\t\t<div class=\"elementor-column elementor-col-33 elementor-inner-column elementor-element elementor-element-a9295f6\" data-id=\"a9295f6\" data-element_type=\"column\" data-e-type=\"column\">\n\t\t\t<div class=\"elementor-widget-wrap elementor-element-populated\">\n\t\t\t\t\t\t<div class=\"elementor-element elementor-element-762d84e boat-card elementor-position-top elementor-widget elementor-widget-image-box\" data-id=\"762d84e\" data-element_type=\"widget\" data-e-type=\"widget\" data-widget_type=\"image-box.default\">\n\t\t\t\t<div class=\"elementor-widget-container\">\n\t\t\t\t\t<div class=\"elementor-image-box-wrapper\"><figure class=\"elementor-image-box-img\"><a href=\"https:\/\/www.mallorcanaval.es\/es\/selene-54\" tabindex=\"-1\"><img decoding=\"async\" width=\"800\" height=\"600\" src=\"https:\/\/www.mallorcanaval.es\/wp-content\/uploads\/2025\/12\/selene-classis-trawler-54-cover.jpg\" class=\"attachment-full size-full wp-image-13051\" alt=\"\" srcset=\"https:\/\/www.mallorcanaval.es\/wp-content\/uploads\/2025\/12\/selene-classis-trawler-54-cover.jpg 800w, https:\/\/www.mallorcanaval.es\/wp-content\/uploads\/2025\/12\/selene-classis-trawler-54-cover-300x225.jpg 300w, https:\/\/www.mallorcanaval.es\/wp-content\/uploads\/2025\/12\/selene-classis-trawler-54-cover-768x576.jpg 768w, https:\/\/www.mallorcanaval.es\/wp-content\/uploads\/2025\/12\/selene-classis-trawler-54-cover-640x480.jpg 640w\" sizes=\"(max-width: 800px) 100vw, 800px\" \/><\/a><\/figure><div class=\"elementor-image-box-content\"><h2 class=\"elementor-image-box-title\"><a href=\"https:\/\/www.mallorcanaval.es\/es\/selene-54\">Classic Trawler 54<\/a><\/h2><\/div><\/div>\t\t\t\t<\/div>\n\t\t\t\t<\/div>\n\t\t\t\t\t<\/div>\n\t\t<\/div>\n\t\t\t\t\t<\/div>\n\t\t<\/section>\n\t\t\t\t<section class=\"elementor-section elementor-inner-section elementor-element elementor-element-95d5ac8 elementor-section-full_width elementor-section-height-default elementor-section-height-default wpr-particle-no wpr-jarallax-no wpr-parallax-no wpr-sticky-section-no wpr-equal-height-no\" data-id=\"95d5ac8\" data-element_type=\"section\" data-e-type=\"section\">\n\t\t\t\t\t\t<div class=\"elementor-container elementor-column-gap-no\">\n\t\t\t\t\t<div class=\"elementor-column elementor-col-33 elementor-inner-column elementor-element elementor-element-1b9d680\" data-id=\"1b9d680\" data-element_type=\"column\" data-e-type=\"column\">\n\t\t\t<div class=\"elementor-widget-wrap elementor-element-populated\">\n\t\t\t\t\t\t<div class=\"elementor-element elementor-element-fcc7d40 boat-card elementor-position-top elementor-widget elementor-widget-image-box\" data-id=\"fcc7d40\" data-element_type=\"widget\" data-e-type=\"widget\" data-widget_type=\"image-box.default\">\n\t\t\t\t<div class=\"elementor-widget-container\">\n\t\t\t\t\t<div class=\"elementor-image-box-wrapper\"><figure class=\"elementor-image-box-img\"><a href=\"https:\/\/www.mallorcanaval.es\/es\/selene-56\" tabindex=\"-1\"><img loading=\"lazy\" decoding=\"async\" width=\"800\" height=\"600\" src=\"https:\/\/www.mallorcanaval.es\/wp-content\/uploads\/2025\/12\/selene-classis-trawler-56-cover.jpg\" class=\"attachment-full size-full wp-image-13058\" alt=\"\" srcset=\"https:\/\/www.mallorcanaval.es\/wp-content\/uploads\/2025\/12\/selene-classis-trawler-56-cover.jpg 800w, https:\/\/www.mallorcanaval.es\/wp-content\/uploads\/2025\/12\/selene-classis-trawler-56-cover-300x225.jpg 300w, https:\/\/www.mallorcanaval.es\/wp-content\/uploads\/2025\/12\/selene-classis-trawler-56-cover-768x576.jpg 768w, https:\/\/www.mallorcanaval.es\/wp-content\/uploads\/2025\/12\/selene-classis-trawler-56-cover-640x480.jpg 640w\" sizes=\"(max-width: 800px) 100vw, 800px\" \/><\/a><\/figure><div class=\"elementor-image-box-content\"><h2 class=\"elementor-image-box-title\"><a href=\"https:\/\/www.mallorcanaval.es\/es\/selene-56\">Classic Trawler 56<\/a><\/h2><\/div><\/div>\t\t\t\t<\/div>\n\t\t\t\t<\/div>\n\t\t\t\t\t<\/div>\n\t\t<\/div>\n\t\t\t\t<div class=\"elementor-column elementor-col-33 elementor-inner-column elementor-element elementor-element-25461b5\" data-id=\"25461b5\" data-element_type=\"column\" data-e-type=\"column\">\n\t\t\t<div class=\"elementor-widget-wrap elementor-element-populated\">\n\t\t\t\t\t\t<div class=\"elementor-element elementor-element-1b57ffb boat-card elementor-position-top elementor-widget elementor-widget-image-box\" data-id=\"1b57ffb\" data-element_type=\"widget\" data-e-type=\"widget\" data-widget_type=\"image-box.default\">\n\t\t\t\t<div class=\"elementor-widget-container\">\n\t\t\t\t\t<div class=\"elementor-image-box-wrapper\"><figure class=\"elementor-image-box-img\"><a href=\"https:\/\/www.mallorcanaval.es\/es\/selene-58\" tabindex=\"-1\"><img loading=\"lazy\" decoding=\"async\" width=\"800\" height=\"600\" src=\"https:\/\/www.mallorcanaval.es\/wp-content\/uploads\/2025\/12\/selene-classis-trawler-58-cover.jpg\" class=\"attachment-full size-full wp-image-13060\" alt=\"\" srcset=\"https:\/\/www.mallorcanaval.es\/wp-content\/uploads\/2025\/12\/selene-classis-trawler-58-cover.jpg 800w, https:\/\/www.mallorcanaval.es\/wp-content\/uploads\/2025\/12\/selene-classis-trawler-58-cover-300x225.jpg 300w, https:\/\/www.mallorcanaval.es\/wp-content\/uploads\/2025\/12\/selene-classis-trawler-58-cover-768x576.jpg 768w, https:\/\/www.mallorcanaval.es\/wp-content\/uploads\/2025\/12\/selene-classis-trawler-58-cover-640x480.jpg 640w\" sizes=\"(max-width: 800px) 100vw, 800px\" \/><\/a><\/figure><div class=\"elementor-image-box-content\"><h2 class=\"elementor-image-box-title\"><a href=\"https:\/\/www.mallorcanaval.es\/es\/selene-58\">Classic Trawler 58<\/a><\/h2><\/div><\/div>\t\t\t\t<\/div>\n\t\t\t\t<\/div>\n\t\t\t\t\t<\/div>\n\t\t<\/div>\n\t\t\t\t<div class=\"elementor-column elementor-col-33 elementor-inner-column elementor-element elementor-element-988b8c7\" data-id=\"988b8c7\" data-element_type=\"column\" data-e-type=\"column\">\n\t\t\t<div class=\"elementor-widget-wrap elementor-element-populated\">\n\t\t\t\t\t\t<div class=\"elementor-element elementor-element-4b0efe6 boat-card elementor-position-top elementor-widget elementor-widget-image-box\" data-id=\"4b0efe6\" data-element_type=\"widget\" data-e-type=\"widget\" data-widget_type=\"image-box.default\">\n\t\t\t\t<div class=\"elementor-widget-container\">\n\t\t\t\t\t<div class=\"elementor-image-box-wrapper\"><figure class=\"elementor-image-box-img\"><a href=\"https:\/\/www.mallorcanaval.es\/es\/selene-60\" tabindex=\"-1\"><img loading=\"lazy\" decoding=\"async\" width=\"800\" height=\"600\" src=\"https:\/\/www.mallorcanaval.es\/wp-content\/uploads\/2025\/12\/selene-classis-trawler-60-cover.jpg\" class=\"attachment-full size-full wp-image-13062\" alt=\"\" srcset=\"https:\/\/www.mallorcanaval.es\/wp-content\/uploads\/2025\/12\/selene-classis-trawler-60-cover.jpg 800w, https:\/\/www.mallorcanaval.es\/wp-content\/uploads\/2025\/12\/selene-classis-trawler-60-cover-300x225.jpg 300w, https:\/\/www.mallorcanaval.es\/wp-content\/uploads\/2025\/12\/selene-classis-trawler-60-cover-768x576.jpg 768w, https:\/\/www.mallorcanaval.es\/wp-content\/uploads\/2025\/12\/selene-classis-trawler-60-cover-640x480.jpg 640w\" sizes=\"(max-width: 800px) 100vw, 800px\" \/><\/a><\/figure><div class=\"elementor-image-box-content\"><h2 class=\"elementor-image-box-title\"><a href=\"https:\/\/www.mallorcanaval.es\/es\/selene-60\">Classic Trawler 60<\/a><\/h2><\/div><\/div>\t\t\t\t<\/div>\n\t\t\t\t<\/div>\n\t\t\t\t\t<\/div>\n\t\t<\/div>\n\t\t\t\t\t<\/div>\n\t\t<\/section>\n\t\t\t\t<section class=\"elementor-section elementor-inner-section elementor-element elementor-element-0bb5ee6 elementor-section-full_width elementor-section-height-default elementor-section-height-default wpr-particle-no wpr-jarallax-no wpr-parallax-no wpr-sticky-section-no wpr-equal-height-no\" data-id=\"0bb5ee6\" data-element_type=\"section\" data-e-type=\"section\">\n\t\t\t\t\t\t<div class=\"elementor-container elementor-column-gap-no\">\n\t\t\t\t\t<div class=\"elementor-column elementor-col-33 elementor-inner-column elementor-element elementor-element-a4612d6\" data-id=\"a4612d6\" data-element_type=\"column\" data-e-type=\"column\">\n\t\t\t<div class=\"elementor-widget-wrap elementor-element-populated\">\n\t\t\t\t\t\t<div class=\"elementor-element elementor-element-81f5437 boat-card elementor-position-top elementor-widget elementor-widget-image-box\" data-id=\"81f5437\" data-element_type=\"widget\" data-e-type=\"widget\" data-widget_type=\"image-box.default\">\n\t\t\t\t<div class=\"elementor-widget-container\">\n\t\t\t\t\t<div class=\"elementor-image-box-wrapper\"><figure class=\"elementor-image-box-img\"><a href=\"https:\/\/www.mallorcanaval.es\/es\/selene-62\" tabindex=\"-1\"><img loading=\"lazy\" decoding=\"async\" width=\"800\" height=\"600\" src=\"https:\/\/www.mallorcanaval.es\/wp-content\/uploads\/2025\/12\/selene-classis-trawler-62-cover.jpg\" class=\"attachment-full size-full wp-image-13067\" alt=\"\" srcset=\"https:\/\/www.mallorcanaval.es\/wp-content\/uploads\/2025\/12\/selene-classis-trawler-62-cover.jpg 800w, https:\/\/www.mallorcanaval.es\/wp-content\/uploads\/2025\/12\/selene-classis-trawler-62-cover-300x225.jpg 300w, https:\/\/www.mallorcanaval.es\/wp-content\/uploads\/2025\/12\/selene-classis-trawler-62-cover-768x576.jpg 768w, https:\/\/www.mallorcanaval.es\/wp-content\/uploads\/2025\/12\/selene-classis-trawler-62-cover-640x480.jpg 640w\" sizes=\"(max-width: 800px) 100vw, 800px\" \/><\/a><\/figure><div class=\"elementor-image-box-content\"><h2 class=\"elementor-image-box-title\"><a href=\"https:\/\/www.mallorcanaval.es\/es\/selene-62\">Classic Trawler 62<\/a><\/h2><\/div><\/div>\t\t\t\t<\/div>\n\t\t\t\t<\/div>\n\t\t\t\t\t<\/div>\n\t\t<\/div>\n\t\t\t\t<div class=\"elementor-column elementor-col-33 elementor-inner-column elementor-element elementor-element-83757c5\" data-id=\"83757c5\" data-element_type=\"column\" data-e-type=\"column\">\n\t\t\t<div class=\"elementor-widget-wrap elementor-element-populated\">\n\t\t\t\t\t\t<div class=\"elementor-element elementor-element-a68413f boat-card elementor-position-top elementor-widget elementor-widget-image-box\" data-id=\"a68413f\" data-element_type=\"widget\" data-e-type=\"widget\" data-widget_type=\"image-box.default\">\n\t\t\t\t<div class=\"elementor-widget-container\">\n\t\t\t\t\t<div class=\"elementor-image-box-wrapper\"><figure class=\"elementor-image-box-img\"><a href=\"https:\/\/www.mallorcanaval.es\/es\/selene-66\" tabindex=\"-1\"><img loading=\"lazy\" decoding=\"async\" width=\"800\" height=\"600\" src=\"https:\/\/www.mallorcanaval.es\/wp-content\/uploads\/2025\/12\/selene-classis-trawler-66-cover.jpg\" class=\"attachment-full size-full wp-image-13069\" alt=\"\" srcset=\"https:\/\/www.mallorcanaval.es\/wp-content\/uploads\/2025\/12\/selene-classis-trawler-66-cover.jpg 800w, https:\/\/www.mallorcanaval.es\/wp-content\/uploads\/2025\/12\/selene-classis-trawler-66-cover-300x225.jpg 300w, https:\/\/www.mallorcanaval.es\/wp-content\/uploads\/2025\/12\/selene-classis-trawler-66-cover-768x576.jpg 768w, https:\/\/www.mallorcanaval.es\/wp-content\/uploads\/2025\/12\/selene-classis-trawler-66-cover-640x480.jpg 640w\" sizes=\"(max-width: 800px) 100vw, 800px\" \/><\/a><\/figure><div class=\"elementor-image-box-content\"><h2 class=\"elementor-image-box-title\"><a href=\"https:\/\/www.mallorcanaval.es\/es\/selene-66\">Classic Trawler 66<\/a><\/h2><\/div><\/div>\t\t\t\t<\/div>\n\t\t\t\t<\/div>\n\t\t\t\t\t<\/div>\n\t\t<\/div>\n\t\t\t\t<div class=\"elementor-column elementor-col-33 elementor-inner-column elementor-element elementor-element-8e3c105\" data-id=\"8e3c105\" data-element_type=\"column\" data-e-type=\"column\">\n\t\t\t<div class=\"elementor-widget-wrap elementor-element-populated\">\n\t\t\t\t\t\t<div class=\"elementor-element elementor-element-cfd7ae2 boat-card elementor-position-top elementor-widget elementor-widget-image-box\" data-id=\"cfd7ae2\" data-element_type=\"widget\" data-e-type=\"widget\" data-widget_type=\"image-box.default\">\n\t\t\t\t<div class=\"elementor-widget-container\">\n\t\t\t\t\t<div class=\"elementor-image-box-wrapper\"><figure class=\"elementor-image-box-img\"><a href=\"https:\/\/www.mallorcanaval.es\/es\/selene-72\" tabindex=\"-1\"><img loading=\"lazy\" decoding=\"async\" width=\"800\" height=\"600\" src=\"https:\/\/www.mallorcanaval.es\/wp-content\/uploads\/2025\/12\/selene-classis-trawler-72-cover.jpg\" class=\"attachment-full size-full wp-image-13071\" alt=\"\" srcset=\"https:\/\/www.mallorcanaval.es\/wp-content\/uploads\/2025\/12\/selene-classis-trawler-72-cover.jpg 800w, https:\/\/www.mallorcanaval.es\/wp-content\/uploads\/2025\/12\/selene-classis-trawler-72-cover-300x225.jpg 300w, https:\/\/www.mallorcanaval.es\/wp-content\/uploads\/2025\/12\/selene-classis-trawler-72-cover-768x576.jpg 768w, https:\/\/www.mallorcanaval.es\/wp-content\/uploads\/2025\/12\/selene-classis-trawler-72-cover-640x480.jpg 640w\" sizes=\"(max-width: 800px) 100vw, 800px\" \/><\/a><\/figure><div class=\"elementor-image-box-content\"><h2 class=\"elementor-image-box-title\"><a href=\"https:\/\/www.mallorcanaval.es\/es\/selene-72\">Classic Trawler 72<\/a><\/h2><\/div><\/div>\t\t\t\t<\/div>\n\t\t\t\t<\/div>\n\t\t\t\t\t<\/div>\n\t\t<\/div>\n\t\t\t\t\t<\/div>\n\t\t<\/section>\n\t\t\t\t\t<\/div>\n\t\t<\/div>\n\t\t\t\t\t<\/div>\n\t\t<\/section>\n\t\t\t\t<section class=\"elementor-section elementor-top-section elementor-element elementor-element-e8904e4 elementor-section-content-middle elementor-section-boxed elementor-section-height-default elementor-section-height-default wpr-particle-no wpr-jarallax-no wpr-parallax-no wpr-sticky-section-no wpr-equal-height-no\" data-id=\"e8904e4\" data-element_type=\"section\" data-e-type=\"section\" data-settings=\"{&quot;background_background&quot;:&quot;classic&quot;}\">\n\t\t\t\t\t\t<div class=\"elementor-container elementor-column-gap-no\">\n\t\t\t\t\t<div class=\"elementor-column elementor-col-100 elementor-top-column elementor-element elementor-element-60f9318\" data-id=\"60f9318\" data-element_type=\"column\" data-e-type=\"column\">\n\t\t\t<div class=\"elementor-widget-wrap elementor-element-populated\">\n\t\t\t\t\t\t<div class=\"elementor-element elementor-element-973ef25 elementor-widget elementor-widget-heading\" data-id=\"973ef25\" data-element_type=\"widget\" data-e-type=\"widget\" data-widget_type=\"heading.default\">\n\t\t\t\t<div class=\"elementor-widget-container\">\n\t\t\t\t\t<h2 class=\"elementor-heading-title elementor-size-default\">SELENE OCEAN EXPLORER<\/h2>\t\t\t\t<\/div>\n\t\t\t\t<\/div>\n\t\t\t\t<div class=\"elementor-element elementor-element-0c28ed0 elementor-widget elementor-widget-text-editor\" data-id=\"0c28ed0\" data-element_type=\"widget\" data-e-type=\"widget\" data-widget_type=\"text-editor.default\">\n\t\t\t\t<div class=\"elementor-widget-container\">\n\t\t\t\t\t\t\t\t\t<p>EL NOMBRE LO DICE TODO: ESTOS YATES NO TIENEN L\u00cdMITES, NI SIQUIERA EL HORIZONTE\u2026 M\u00c1S ALL\u00c1 DE LA L\u00cdNEA CL\u00c1SICA DE TRAWLERS-EXPLORADORES OCE\u00c1NICOS OPERADOS POR SUS PROPIETARIOS, LOS BARCOS EXPEDITION SON EN REALIDAD PEQUE\u00d1OS TRANSATL\u00c1NTICOS VERS\u00c1TILES QUE PUEDEN SER OPERADOS POR UNA TRIPULACI\u00d3N REDUCIDA. LOS YATES EXPEDITION EST\u00c1N DISE\u00d1ADOS PARA UN PROPIETARIO EXIGENTE, CON OCHO INVITADOS Y UNA TRIPULACI\u00d3N DE TRES A CINCO PERSONAS, QUE DESEA NAVEGAR EXTENSAMENTE Y PASAR MESES, SI NO A\u00d1OS, EN EL MAR, EN ABSOLUTA COMODIDAD E INDEPENDENCIA. LOS SELENE EXPEDITION TAMBI\u00c9N PUEDEN DISE\u00d1ARSE PARA USO EN CHARTER, CON UN CAMAROTE PARA EL CAPIT\u00c1N DETR\u00c1S DEL PUENTE; UN SELENE EXPEDITION EST\u00c1 CONCEBIDO COMO UNA EMBARCACI\u00d3N MUY PROFESIONAL. LA CAPACIDAD DE COMBUSTIBLE Y LOS SISTEMAS HAN SIDO AJUSTADOS PARA SU USO PREVISTO. UN GIMNASIO, UN JACUZZI, UN BA\u00d1O DE VAPOR, DOS GRANDES TENDERS, UN CENTRO DE BUCEO\u2026 LO QUE SEA: UN SELENE EXPEDITION PUEDE TENERLO TODO. POR SUPUESTO, PUEDEN PERSONALIZARSE HASTA EL M\u00c1S M\u00cdNIMO DETALLE PARA SUS PROPIETARIOS. Y LA L\u00cdNEA EXPEDITION CUENTA CON CERTIFICACI\u00d3N RINA Y ABS.<\/p>\t\t\t\t\t\t\t\t<\/div>\n\t\t\t\t<\/div>\n\t\t\t\t\t<\/div>\n\t\t<\/div>\n\t\t\t\t\t<\/div>\n\t\t<\/section>\n\t\t\t\t<section class=\"elementor-section elementor-top-section elementor-element elementor-element-a9b30bf elementor-section-full_width elementor-section-height-default elementor-section-height-default wpr-particle-no wpr-jarallax-no wpr-parallax-no wpr-sticky-section-no wpr-equal-height-no\" data-id=\"a9b30bf\" data-element_type=\"section\" data-e-type=\"section\" data-settings=\"{&quot;background_background&quot;:&quot;classic&quot;}\">\n\t\t\t\t\t\t<div class=\"elementor-container elementor-column-gap-no\">\n\t\t\t\t\t<div class=\"elementor-column elementor-col-33 elementor-top-column elementor-element elementor-element-0b0dc70\" data-id=\"0b0dc70\" data-element_type=\"column\" data-e-type=\"column\">\n\t\t\t<div class=\"elementor-widget-wrap elementor-element-populated\">\n\t\t\t\t\t\t<div class=\"elementor-element elementor-element-2a0b7f1 boat-card elementor-position-top elementor-widget elementor-widget-image-box\" data-id=\"2a0b7f1\" data-element_type=\"widget\" data-e-type=\"widget\" data-widget_type=\"image-box.default\">\n\t\t\t\t<div class=\"elementor-widget-container\">\n\t\t\t\t\t<div class=\"elementor-image-box-wrapper\"><figure class=\"elementor-image-box-img\"><a href=\"https:\/\/www.mallorcanaval.es\/es\/selene-60-ocean-explorer\" tabindex=\"-1\"><img loading=\"lazy\" decoding=\"async\" width=\"800\" height=\"600\" src=\"https:\/\/www.mallorcanaval.es\/wp-content\/uploads\/2025\/12\/selene-ocean-explorer-60.jpg\" class=\"attachment-full size-full wp-image-13126\" alt=\"\" srcset=\"https:\/\/www.mallorcanaval.es\/wp-content\/uploads\/2025\/12\/selene-ocean-explorer-60.jpg 800w, https:\/\/www.mallorcanaval.es\/wp-content\/uploads\/2025\/12\/selene-ocean-explorer-60-300x225.jpg 300w, https:\/\/www.mallorcanaval.es\/wp-content\/uploads\/2025\/12\/selene-ocean-explorer-60-768x576.jpg 768w, https:\/\/www.mallorcanaval.es\/wp-content\/uploads\/2025\/12\/selene-ocean-explorer-60-640x480.jpg 640w\" sizes=\"(max-width: 800px) 100vw, 800px\" \/><\/a><\/figure><div class=\"elementor-image-box-content\"><h2 class=\"elementor-image-box-title\"><a href=\"https:\/\/www.mallorcanaval.es\/es\/selene-60-ocean-explorer\">Ocean Explorer 60<\/a><\/h2><\/div><\/div>\t\t\t\t<\/div>\n\t\t\t\t<\/div>\n\t\t\t\t\t<\/div>\n\t\t<\/div>\n\t\t\t\t<div class=\"elementor-column elementor-col-33 elementor-top-column elementor-element elementor-element-1766ec6\" data-id=\"1766ec6\" data-element_type=\"column\" data-e-type=\"column\">\n\t\t\t<div class=\"elementor-widget-wrap elementor-element-populated\">\n\t\t\t\t\t\t<div class=\"elementor-element elementor-element-eb96c5a boat-card elementor-position-top elementor-widget elementor-widget-image-box\" data-id=\"eb96c5a\" data-element_type=\"widget\" data-e-type=\"widget\" data-widget_type=\"image-box.default\">\n\t\t\t\t<div class=\"elementor-widget-container\">\n\t\t\t\t\t<div class=\"elementor-image-box-wrapper\"><figure class=\"elementor-image-box-img\"><a href=\"https:\/\/www.mallorcanaval.es\/es\/selene-62-ocean-explorer\" tabindex=\"-1\"><img loading=\"lazy\" decoding=\"async\" width=\"800\" height=\"600\" src=\"https:\/\/www.mallorcanaval.es\/wp-content\/uploads\/2025\/12\/selene-ocean-explorer-62.jpg\" class=\"attachment-full size-full wp-image-13128\" alt=\"\" srcset=\"https:\/\/www.mallorcanaval.es\/wp-content\/uploads\/2025\/12\/selene-ocean-explorer-62.jpg 800w, https:\/\/www.mallorcanaval.es\/wp-content\/uploads\/2025\/12\/selene-ocean-explorer-62-300x225.jpg 300w, https:\/\/www.mallorcanaval.es\/wp-content\/uploads\/2025\/12\/selene-ocean-explorer-62-768x576.jpg 768w, https:\/\/www.mallorcanaval.es\/wp-content\/uploads\/2025\/12\/selene-ocean-explorer-62-640x480.jpg 640w\" sizes=\"(max-width: 800px) 100vw, 800px\" \/><\/a><\/figure><div class=\"elementor-image-box-content\"><h2 class=\"elementor-image-box-title\"><a href=\"https:\/\/www.mallorcanaval.es\/es\/selene-62-ocean-explorer\">Ocean Explorer 62<\/a><\/h2><\/div><\/div>\t\t\t\t<\/div>\n\t\t\t\t<\/div>\n\t\t\t\t\t<\/div>\n\t\t<\/div>\n\t\t\t\t<div class=\"elementor-column elementor-col-33 elementor-top-column elementor-element elementor-element-5179e35\" data-id=\"5179e35\" data-element_type=\"column\" data-e-type=\"column\">\n\t\t\t<div class=\"elementor-widget-wrap elementor-element-populated\">\n\t\t\t\t\t\t<div class=\"elementor-element elementor-element-b8c0de0 boat-card elementor-position-top elementor-widget elementor-widget-image-box\" data-id=\"b8c0de0\" data-element_type=\"widget\" data-e-type=\"widget\" data-widget_type=\"image-box.default\">\n\t\t\t\t<div class=\"elementor-widget-container\">\n\t\t\t\t\t<div class=\"elementor-image-box-wrapper\"><figure class=\"elementor-image-box-img\"><a href=\"https:\/\/www.mallorcanaval.es\/es\/selene-72-ocean-explorer\" tabindex=\"-1\"><img loading=\"lazy\" decoding=\"async\" width=\"800\" height=\"600\" src=\"https:\/\/www.mallorcanaval.es\/wp-content\/uploads\/2025\/12\/selene-ocean-explorer-72.jpg\" class=\"attachment-full size-full wp-image-13130\" alt=\"\" srcset=\"https:\/\/www.mallorcanaval.es\/wp-content\/uploads\/2025\/12\/selene-ocean-explorer-72.jpg 800w, https:\/\/www.mallorcanaval.es\/wp-content\/uploads\/2025\/12\/selene-ocean-explorer-72-300x225.jpg 300w, https:\/\/www.mallorcanaval.es\/wp-content\/uploads\/2025\/12\/selene-ocean-explorer-72-768x576.jpg 768w, https:\/\/www.mallorcanaval.es\/wp-content\/uploads\/2025\/12\/selene-ocean-explorer-72-640x480.jpg 640w\" sizes=\"(max-width: 800px) 100vw, 800px\" \/><\/a><\/figure><div class=\"elementor-image-box-content\"><h2 class=\"elementor-image-box-title\"><a href=\"https:\/\/www.mallorcanaval.es\/es\/selene-72-ocean-explorer\">Ocean Explorer 72<\/a><\/h2><\/div><\/div>\t\t\t\t<\/div>\n\t\t\t\t<\/div>\n\t\t\t\t\t<\/div>\n\t\t<\/div>\n\t\t\t\t\t<\/div>\n\t\t<\/section>\n\t\t\t\t<section class=\"elementor-section elementor-top-section elementor-element elementor-element-330df53 elementor-section-full_width elementor-section-height-default elementor-section-height-default wpr-particle-no wpr-jarallax-no wpr-parallax-no wpr-sticky-section-no wpr-equal-height-no\" data-id=\"330df53\" data-element_type=\"section\" data-e-type=\"section\" data-settings=\"{&quot;background_background&quot;:&quot;classic&quot;}\">\n\t\t\t\t\t\t<div class=\"elementor-container elementor-column-gap-no\">\n\t\t\t\t\t<div class=\"elementor-column elementor-col-33 elementor-top-column elementor-element elementor-element-8ce7bb7\" data-id=\"8ce7bb7\" data-element_type=\"column\" data-e-type=\"column\">\n\t\t\t<div class=\"elementor-widget-wrap elementor-element-populated\">\n\t\t\t\t\t\t<div class=\"elementor-element elementor-element-76c9939 boat-card elementor-position-top elementor-widget elementor-widget-image-box\" data-id=\"76c9939\" data-element_type=\"widget\" data-e-type=\"widget\" data-widget_type=\"image-box.default\">\n\t\t\t\t<div class=\"elementor-widget-container\">\n\t\t\t\t\t<div class=\"elementor-image-box-wrapper\"><figure class=\"elementor-image-box-img\"><a href=\"https:\/\/www.mallorcanaval.es\/es\/selene-78-ocean-explorer\" tabindex=\"-1\"><img loading=\"lazy\" decoding=\"async\" width=\"800\" height=\"600\" src=\"https:\/\/www.mallorcanaval.es\/wp-content\/uploads\/2025\/12\/selene-ocean-explorer-78.jpg\" class=\"attachment-full size-full wp-image-13132\" alt=\"\" srcset=\"https:\/\/www.mallorcanaval.es\/wp-content\/uploads\/2025\/12\/selene-ocean-explorer-78.jpg 800w, https:\/\/www.mallorcanaval.es\/wp-content\/uploads\/2025\/12\/selene-ocean-explorer-78-300x225.jpg 300w, https:\/\/www.mallorcanaval.es\/wp-content\/uploads\/2025\/12\/selene-ocean-explorer-78-768x576.jpg 768w, https:\/\/www.mallorcanaval.es\/wp-content\/uploads\/2025\/12\/selene-ocean-explorer-78-640x480.jpg 640w\" sizes=\"(max-width: 800px) 100vw, 800px\" \/><\/a><\/figure><div class=\"elementor-image-box-content\"><h2 class=\"elementor-image-box-title\"><a href=\"https:\/\/www.mallorcanaval.es\/es\/selene-78-ocean-explorer\">Ocean Explorer 78<\/a><\/h2><\/div><\/div>\t\t\t\t<\/div>\n\t\t\t\t<\/div>\n\t\t\t\t\t<\/div>\n\t\t<\/div>\n\t\t\t\t<div class=\"elementor-column elementor-col-33 elementor-top-column elementor-element elementor-element-390f8b8\" data-id=\"390f8b8\" data-element_type=\"column\" data-e-type=\"column\">\n\t\t\t<div class=\"elementor-widget-wrap elementor-element-populated\">\n\t\t\t\t\t\t<div class=\"elementor-element elementor-element-13f36cb boat-card elementor-position-top elementor-widget elementor-widget-image-box\" data-id=\"13f36cb\" data-element_type=\"widget\" data-e-type=\"widget\" data-widget_type=\"image-box.default\">\n\t\t\t\t<div class=\"elementor-widget-container\">\n\t\t\t\t\t<div class=\"elementor-image-box-wrapper\"><figure class=\"elementor-image-box-img\"><a href=\"https:\/\/www.mallorcanaval.es\/es\/selene-92-ocean-explorer\" tabindex=\"-1\"><img loading=\"lazy\" decoding=\"async\" width=\"800\" height=\"600\" src=\"https:\/\/www.mallorcanaval.es\/wp-content\/uploads\/2025\/12\/selene-ocean-explorer-92.jpg\" class=\"attachment-full size-full wp-image-13134\" alt=\"\" srcset=\"https:\/\/www.mallorcanaval.es\/wp-content\/uploads\/2025\/12\/selene-ocean-explorer-92.jpg 800w, https:\/\/www.mallorcanaval.es\/wp-content\/uploads\/2025\/12\/selene-ocean-explorer-92-300x225.jpg 300w, https:\/\/www.mallorcanaval.es\/wp-content\/uploads\/2025\/12\/selene-ocean-explorer-92-768x576.jpg 768w, https:\/\/www.mallorcanaval.es\/wp-content\/uploads\/2025\/12\/selene-ocean-explorer-92-640x480.jpg 640w\" sizes=\"(max-width: 800px) 100vw, 800px\" \/><\/a><\/figure><div class=\"elementor-image-box-content\"><h2 class=\"elementor-image-box-title\"><a href=\"https:\/\/www.mallorcanaval.es\/es\/selene-92-ocean-explorer\">Ocean Explorer 92<\/a><\/h2><\/div><\/div>\t\t\t\t<\/div>\n\t\t\t\t<\/div>\n\t\t\t\t\t<\/div>\n\t\t<\/div>\n\t\t\t\t<div class=\"elementor-column elementor-col-33 elementor-top-column elementor-element elementor-element-c25c43d\" data-id=\"c25c43d\" data-element_type=\"column\" data-e-type=\"column\">\n\t\t\t<div class=\"elementor-widget-wrap elementor-element-populated\">\n\t\t\t\t\t\t<div class=\"elementor-element elementor-element-82394ea boat-card elementor-position-top elementor-widget elementor-widget-image-box\" data-id=\"82394ea\" data-element_type=\"widget\" data-e-type=\"widget\" data-widget_type=\"image-box.default\">\n\t\t\t\t<div class=\"elementor-widget-container\">\n\t\t\t\t\t<div class=\"elementor-image-box-wrapper\"><figure class=\"elementor-image-box-img\"><a href=\"https:\/\/www.mallorcanaval.es\/es\/selene-98-ocean-explorer\" tabindex=\"-1\"><img loading=\"lazy\" decoding=\"async\" width=\"800\" height=\"600\" src=\"https:\/\/www.mallorcanaval.es\/wp-content\/uploads\/2025\/12\/selene-ocean-explorer-98.jpg\" class=\"attachment-full size-full wp-image-13136\" alt=\"\" srcset=\"https:\/\/www.mallorcanaval.es\/wp-content\/uploads\/2025\/12\/selene-ocean-explorer-98.jpg 800w, https:\/\/www.mallorcanaval.es\/wp-content\/uploads\/2025\/12\/selene-ocean-explorer-98-300x225.jpg 300w, https:\/\/www.mallorcanaval.es\/wp-content\/uploads\/2025\/12\/selene-ocean-explorer-98-768x576.jpg 768w, https:\/\/www.mallorcanaval.es\/wp-content\/uploads\/2025\/12\/selene-ocean-explorer-98-640x480.jpg 640w\" sizes=\"(max-width: 800px) 100vw, 800px\" \/><\/a><\/figure><div class=\"elementor-image-box-content\"><h2 class=\"elementor-image-box-title\"><a href=\"https:\/\/www.mallorcanaval.es\/es\/selene-98-ocean-explorer\">Ocean Explorer 98<\/a><\/h2><\/div><\/div>\t\t\t\t<\/div>\n\t\t\t\t<\/div>\n\t\t\t\t\t<\/div>\n\t\t<\/div>\n\t\t\t\t\t<\/div>\n\t\t<\/section>\n\t\t\t\t<section class=\"elementor-section elementor-top-section elementor-element elementor-element-4a35077 elementor-section-content-middle elementor-section-boxed elementor-section-height-default elementor-section-height-default wpr-particle-no wpr-jarallax-no wpr-parallax-no wpr-sticky-section-no wpr-equal-height-no\" data-id=\"4a35077\" data-element_type=\"section\" data-e-type=\"section\" data-settings=\"{&quot;background_background&quot;:&quot;classic&quot;}\">\n\t\t\t\t\t\t<div class=\"elementor-container elementor-column-gap-no\">\n\t\t\t\t\t<div class=\"elementor-column elementor-col-100 elementor-top-column elementor-element elementor-element-1822e29\" data-id=\"1822e29\" data-element_type=\"column\" data-e-type=\"column\">\n\t\t\t<div class=\"elementor-widget-wrap elementor-element-populated\">\n\t\t\t\t\t\t<div class=\"elementor-element elementor-element-afbc54a elementor-widget elementor-widget-heading\" data-id=\"afbc54a\" data-element_type=\"widget\" data-e-type=\"widget\" data-widget_type=\"heading.default\">\n\t\t\t\t<div class=\"elementor-widget-container\">\n\t\t\t\t\t<h2 class=\"elementor-heading-title elementor-size-default\">SELENE VOYAGER<\/h2>\t\t\t\t<\/div>\n\t\t\t\t<\/div>\n\t\t\t\t<div class=\"elementor-element elementor-element-6add6b4 elementor-widget elementor-widget-text-editor\" data-id=\"6add6b4\" data-element_type=\"widget\" data-e-type=\"widget\" data-widget_type=\"text-editor.default\">\n\t\t\t\t<div class=\"elementor-widget-container\">\n\t\t\t\t\t\t\t\t\t<p>LA L\u00cdNEA SELENE VOYAGER ES UN DISE\u00d1O M\u00c1S RECIENTE QUE SELENE YACHTS HA DESARROLLADO BAS\u00c1NDOSE EN EL CASCO ORIGINAL SELENE ARCHER. CON ESTA NUEVA L\u00cdNEA, SELENE CONTIN\u00daA CONSTRUYENDO SOBRE LA TRADICI\u00d3N DE SELENE YACHTS DE COMBINAR EL M\u00c1S ALTO NIVEL DE ARTESAN\u00cdA PERSONALIZADA CON UN DISE\u00d1O SUPERLATIVO.<\/p>\t\t\t\t\t\t\t\t<\/div>\n\t\t\t\t<\/div>\n\t\t\t\t\t<\/div>\n\t\t<\/div>\n\t\t\t\t\t<\/div>\n\t\t<\/section>\n\t\t\t\t<section class=\"elementor-section elementor-top-section elementor-element elementor-element-3363477 elementor-section-full_width elementor-section-height-default elementor-section-height-default wpr-particle-no wpr-jarallax-no wpr-parallax-no wpr-sticky-section-no wpr-equal-height-no\" data-id=\"3363477\" data-element_type=\"section\" data-e-type=\"section\" data-settings=\"{&quot;background_background&quot;:&quot;classic&quot;}\">\n\t\t\t\t\t\t<div class=\"elementor-container elementor-column-gap-no\">\n\t\t\t\t\t<div class=\"elementor-column elementor-col-25 elementor-top-column elementor-element elementor-element-a5b3d44\" data-id=\"a5b3d44\" data-element_type=\"column\" data-e-type=\"column\">\n\t\t\t<div class=\"elementor-widget-wrap elementor-element-populated\">\n\t\t\t\t\t\t<div class=\"elementor-element elementor-element-9a0944b boat-card elementor-position-top elementor-widget elementor-widget-image-box\" data-id=\"9a0944b\" data-element_type=\"widget\" data-e-type=\"widget\" data-widget_type=\"image-box.default\">\n\t\t\t\t<div class=\"elementor-widget-container\">\n\t\t\t\t\t<div class=\"elementor-image-box-wrapper\"><figure class=\"elementor-image-box-img\"><a href=\"https:\/\/www.mallorcanaval.es\/es\/selene-38-voyager\" tabindex=\"-1\"><img loading=\"lazy\" decoding=\"async\" width=\"800\" height=\"600\" src=\"https:\/\/www.mallorcanaval.es\/wp-content\/uploads\/2025\/12\/selene-voyager-38-cover.jpg\" class=\"attachment-full size-full wp-image-13144\" alt=\"\" srcset=\"https:\/\/www.mallorcanaval.es\/wp-content\/uploads\/2025\/12\/selene-voyager-38-cover.jpg 800w, https:\/\/www.mallorcanaval.es\/wp-content\/uploads\/2025\/12\/selene-voyager-38-cover-300x225.jpg 300w, https:\/\/www.mallorcanaval.es\/wp-content\/uploads\/2025\/12\/selene-voyager-38-cover-768x576.jpg 768w, https:\/\/www.mallorcanaval.es\/wp-content\/uploads\/2025\/12\/selene-voyager-38-cover-640x480.jpg 640w\" sizes=\"(max-width: 800px) 100vw, 800px\" \/><\/a><\/figure><div class=\"elementor-image-box-content\"><h2 class=\"elementor-image-box-title\"><a href=\"https:\/\/www.mallorcanaval.es\/es\/selene-38-voyager\">Voyager 38<\/a><\/h2><\/div><\/div>\t\t\t\t<\/div>\n\t\t\t\t<\/div>\n\t\t\t\t\t<\/div>\n\t\t<\/div>\n\t\t\t\t<div class=\"elementor-column elementor-col-25 elementor-top-column elementor-element elementor-element-2889b1f\" data-id=\"2889b1f\" data-element_type=\"column\" data-e-type=\"column\">\n\t\t\t<div class=\"elementor-widget-wrap elementor-element-populated\">\n\t\t\t\t\t\t<div class=\"elementor-element elementor-element-5e64412 boat-card elementor-position-top elementor-widget elementor-widget-image-box\" data-id=\"5e64412\" data-element_type=\"widget\" data-e-type=\"widget\" data-widget_type=\"image-box.default\">\n\t\t\t\t<div class=\"elementor-widget-container\">\n\t\t\t\t\t<div class=\"elementor-image-box-wrapper\"><figure class=\"elementor-image-box-img\"><a href=\"https:\/\/www.mallorcanaval.es\/es\/selene-42-voyager-archer\" tabindex=\"-1\"><img loading=\"lazy\" decoding=\"async\" width=\"800\" height=\"600\" src=\"https:\/\/www.mallorcanaval.es\/wp-content\/uploads\/2025\/12\/selene-voyager-42-archer-cover-1.jpg\" class=\"attachment-full size-full wp-image-13153\" alt=\"\" srcset=\"https:\/\/www.mallorcanaval.es\/wp-content\/uploads\/2025\/12\/selene-voyager-42-archer-cover-1.jpg 800w, https:\/\/www.mallorcanaval.es\/wp-content\/uploads\/2025\/12\/selene-voyager-42-archer-cover-1-300x225.jpg 300w, https:\/\/www.mallorcanaval.es\/wp-content\/uploads\/2025\/12\/selene-voyager-42-archer-cover-1-768x576.jpg 768w, https:\/\/www.mallorcanaval.es\/wp-content\/uploads\/2025\/12\/selene-voyager-42-archer-cover-1-640x480.jpg 640w\" sizes=\"(max-width: 800px) 100vw, 800px\" \/><\/a><\/figure><div class=\"elementor-image-box-content\"><h2 class=\"elementor-image-box-title\"><a href=\"https:\/\/www.mallorcanaval.es\/es\/selene-42-voyager-archer\">Voyager 42 Archer<\/a><\/h2><\/div><\/div>\t\t\t\t<\/div>\n\t\t\t\t<\/div>\n\t\t\t\t\t<\/div>\n\t\t<\/div>\n\t\t\t\t<div class=\"elementor-column elementor-col-25 elementor-top-column elementor-element elementor-element-53d5d1d\" data-id=\"53d5d1d\" data-element_type=\"column\" data-e-type=\"column\">\n\t\t\t<div class=\"elementor-widget-wrap elementor-element-populated\">\n\t\t\t\t\t\t<div class=\"elementor-element elementor-element-328fe06 boat-card elementor-position-top elementor-widget elementor-widget-image-box\" data-id=\"328fe06\" data-element_type=\"widget\" data-e-type=\"widget\" data-widget_type=\"image-box.default\">\n\t\t\t\t<div class=\"elementor-widget-container\">\n\t\t\t\t\t<div class=\"elementor-image-box-wrapper\"><figure class=\"elementor-image-box-img\"><a href=\"https:\/\/www.mallorcanaval.es\/es\/selene-42-voyager-sedan\" tabindex=\"-1\"><img loading=\"lazy\" decoding=\"async\" width=\"800\" height=\"600\" src=\"https:\/\/www.mallorcanaval.es\/wp-content\/uploads\/2025\/12\/selene-voyager-42-sedan-cover.jpg\" class=\"attachment-full size-full wp-image-13148\" alt=\"\" srcset=\"https:\/\/www.mallorcanaval.es\/wp-content\/uploads\/2025\/12\/selene-voyager-42-sedan-cover.jpg 800w, https:\/\/www.mallorcanaval.es\/wp-content\/uploads\/2025\/12\/selene-voyager-42-sedan-cover-300x225.jpg 300w, https:\/\/www.mallorcanaval.es\/wp-content\/uploads\/2025\/12\/selene-voyager-42-sedan-cover-768x576.jpg 768w, https:\/\/www.mallorcanaval.es\/wp-content\/uploads\/2025\/12\/selene-voyager-42-sedan-cover-640x480.jpg 640w\" sizes=\"(max-width: 800px) 100vw, 800px\" \/><\/a><\/figure><div class=\"elementor-image-box-content\"><h2 class=\"elementor-image-box-title\"><a href=\"https:\/\/www.mallorcanaval.es\/es\/selene-42-voyager-sedan\">Voyager 42 Sedan<\/a><\/h2><\/div><\/div>\t\t\t\t<\/div>\n\t\t\t\t<\/div>\n\t\t\t\t\t<\/div>\n\t\t<\/div>\n\t\t\t\t<div class=\"elementor-column elementor-col-25 elementor-top-column elementor-element elementor-element-ba57895\" data-id=\"ba57895\" data-element_type=\"column\" data-e-type=\"column\">\n\t\t\t<div class=\"elementor-widget-wrap elementor-element-populated\">\n\t\t\t\t\t\t<div class=\"elementor-element elementor-element-7dc9322 boat-card elementor-position-top elementor-widget elementor-widget-image-box\" data-id=\"7dc9322\" data-element_type=\"widget\" data-e-type=\"widget\" data-widget_type=\"image-box.default\">\n\t\t\t\t<div class=\"elementor-widget-container\">\n\t\t\t\t\t<div class=\"elementor-image-box-wrapper\"><figure class=\"elementor-image-box-img\"><a href=\"https:\/\/www.mallorcanaval.es\/es\/selene-50-voyager-sedan\" tabindex=\"-1\"><img loading=\"lazy\" decoding=\"async\" width=\"800\" height=\"600\" src=\"https:\/\/www.mallorcanaval.es\/wp-content\/uploads\/2025\/12\/selene-voyager-50-sedan-cover-1.jpg\" class=\"attachment-full size-full wp-image-13155\" alt=\"\" srcset=\"https:\/\/www.mallorcanaval.es\/wp-content\/uploads\/2025\/12\/selene-voyager-50-sedan-cover-1.jpg 800w, https:\/\/www.mallorcanaval.es\/wp-content\/uploads\/2025\/12\/selene-voyager-50-sedan-cover-1-300x225.jpg 300w, https:\/\/www.mallorcanaval.es\/wp-content\/uploads\/2025\/12\/selene-voyager-50-sedan-cover-1-768x576.jpg 768w, https:\/\/www.mallorcanaval.es\/wp-content\/uploads\/2025\/12\/selene-voyager-50-sedan-cover-1-640x480.jpg 640w\" sizes=\"(max-width: 800px) 100vw, 800px\" \/><\/a><\/figure><div class=\"elementor-image-box-content\"><h2 class=\"elementor-image-box-title\"><a href=\"https:\/\/www.mallorcanaval.es\/es\/selene-50-voyager-sedan\">Voyager 50 Sedan<\/a><\/h2><\/div><\/div>\t\t\t\t<\/div>\n\t\t\t\t<\/div>\n\t\t\t\t\t<\/div>\n\t\t<\/div>\n\t\t\t\t\t<\/div>\n\t\t<\/section>\n\t\t\t\t<section class=\"elementor-section elementor-top-section elementor-element elementor-element-6e5fbbb elementor-section-boxed elementor-section-height-default elementor-section-height-default wpr-particle-no wpr-jarallax-no wpr-parallax-no wpr-sticky-section-no wpr-equal-height-no\" data-id=\"6e5fbbb\" data-element_type=\"section\" data-e-type=\"section\" id=\"contact\" data-settings=\"{&quot;background_background&quot;:&quot;classic&quot;}\">\n\t\t\t\t\t\t<div class=\"elementor-container elementor-column-gap-default\">\n\t\t\t\t\t<div class=\"elementor-column elementor-col-50 elementor-top-column elementor-element elementor-element-2eb54a79\" data-id=\"2eb54a79\" data-element_type=\"column\" data-e-type=\"column\">\n\t\t\t<div class=\"elementor-widget-wrap elementor-element-populated\">\n\t\t\t\t\t\t<div class=\"elementor-element elementor-element-1a4d2648 elementor-widget elementor-widget-heading\" data-id=\"1a4d2648\" data-element_type=\"widget\" data-e-type=\"widget\" data-widget_type=\"heading.default\">\n\t\t\t\t<div class=\"elementor-widget-container\">\n\t\t\t\t\t<h2 class=\"elementor-heading-title elementor-size-default\">CONT\u00c1CTANOS<\/h2>\t\t\t\t<\/div>\n\t\t\t\t<\/div>\n\t\t\t\t<div class=\"elementor-element elementor-element-1a8d106c elementor-widget elementor-widget-heading\" data-id=\"1a8d106c\" data-element_type=\"widget\" data-e-type=\"widget\" data-widget_type=\"heading.default\">\n\t\t\t\t<div class=\"elementor-widget-container\">\n\t\t\t\t\t<p class=\"elementor-heading-title elementor-size-default\">\u00bfTienes alguna pregunta sobre nuestros servicios o embarcaciones?\nEstaremos encantados de ayudarte.<\/p>\t\t\t\t<\/div>\n\t\t\t\t<\/div>\n\t\t\t\t\t<\/div>\n\t\t<\/div>\n\t\t\t\t<div class=\"elementor-column elementor-col-50 elementor-top-column elementor-element elementor-element-91347b0\" data-id=\"91347b0\" data-element_type=\"column\" data-e-type=\"column\">\n\t\t\t<div class=\"elementor-widget-wrap elementor-element-populated\">\n\t\t\t\t\t\t<div class=\"elementor-element elementor-element-1591f41c eael-wpforms-labels-yes eael-wpforms-form-button-custom elementor-widget elementor-widget-eael-wpforms\" data-id=\"1591f41c\" data-element_type=\"widget\" data-e-type=\"widget\" data-widget_type=\"eael-wpforms.default\">\n\t\t\t\t<div class=\"elementor-widget-container\">\n\t\t\t\t\t            <div class=\"eael-contact-form eael-wpforms eael-custom-radio-checkbox eael-wpforms-align-default\">\n                                <div class=\"wpforms-container \" id=\"wpforms-8359\"><form id=\"wpforms-form-8359\" class=\"wpforms-validate wpforms-form\" data-formid=\"8359\" method=\"post\" enctype=\"multipart\/form-data\" action=\"\/es\/wp-json\/wp\/v2\/pages\/12873\" data-token=\"adaeaeb57bb608a47a1056c0f3e0fcea\" data-token-time=\"1777098812\"><div class=\"wpforms-head-container\"><div class=\"wpforms-title\">Contact form<\/div><\/div><noscript class=\"wpforms-error-noscript\">Por favor, activa JavaScript en tu navegador para completar este formulario.<\/noscript><div class=\"wpforms-field-container\"><div id=\"wpforms-8359-field_10-container\" class=\"wpforms-field wpforms-field-content\" data-field-id=\"10\"><div id=\"wpforms-8359-field_10\" class=\"wpforms-field-large wpforms-field-row\"><h3>ENV\u00cdANOS UN MENSAJE<\/h3>\n<div class=\"wpforms-field-content-display-frontend-clear\"><\/div><\/div><\/div>\t\t<div id=\"wpforms-8359-field_2-container\"\n\t\t\tclass=\"wpforms-field wpforms-field-text\"\n\t\t\tdata-field-type=\"text\"\n\t\t\tdata-field-id=\"2\"\n\t\t\t>\n\t\t\t<label class=\"wpforms-field-label\" for=\"wpforms-8359-field_2\" >Mensaje GDPR Nombre<\/label>\n\t\t\t<input type=\"text\" id=\"wpforms-8359-field_2\" class=\"wpforms-field-medium\" name=\"wpforms[fields][2]\" >\n\t\t<\/div>\n\t\t<div id=\"wpforms-8359-field_6-container\" class=\"wpforms-field wpforms-field-layout\" data-field-id=\"6\"><div class=\"wpforms-field-layout-columns wpforms-field-layout-preset-50-50\"><div class=\"wpforms-layout-column wpforms-layout-column-50\" ><div id=\"wpforms-8359-field_1-container\" class=\"wpforms-field wpforms-field-text\" data-field-id=\"1\"><label class=\"wpforms-field-label wpforms-label-hide\" for=\"wpforms-8359-field_1\">Nombre <span class=\"wpforms-required-label\">*<\/span><\/label><input type=\"text\" id=\"wpforms-8359-field_1\" class=\"wpforms-field-medium wpforms-field-required\" name=\"wpforms[fields][1]\" placeholder=\"SU NOMBRE\" required><\/div><div id=\"wpforms-8359-field_4-container\" class=\"wpforms-field wpforms-field-email\" data-field-id=\"4\"><label class=\"wpforms-field-label wpforms-label-hide\" for=\"wpforms-8359-field_4\">Email <span class=\"wpforms-required-label\">*<\/span><\/label><input type=\"email\" id=\"wpforms-8359-field_4\" class=\"wpforms-field-medium wpforms-field-required\" name=\"wpforms[fields][4]\" placeholder=\"SU EMAIL\" spellcheck=\"false\" required><\/div><\/div><div class=\"wpforms-layout-column wpforms-layout-column-50\" ><div id=\"wpforms-8359-field_5-container\" class=\"wpforms-field wpforms-field-textarea\" data-field-id=\"5\"><label class=\"wpforms-field-label wpforms-label-hide\" for=\"wpforms-8359-field_5\">Mensaje<\/label><textarea id=\"wpforms-8359-field_5\" class=\"wpforms-field-medium\" name=\"wpforms[fields][5]\" placeholder=\"SU MENSAJE\" ><\/textarea><\/div><\/div><\/div><\/div><div id=\"wpforms-8359-field_11-container\" class=\"wpforms-field wpforms-field-content\" data-field-id=\"11\"><div id=\"wpforms-8359-field_11\" class=\"wpforms-field-large wpforms-field-row\"><p>Estoy de acuerdo con el almacenamiento y uso de mis datos siguiendo la pol\u00edtica de privacidad y doy mi consentimiento para el procesamiento de mis datos dentro de Mallorca Naval para responder a mi solicitud de contacto o informaci\u00f3n. Puedo revocar mi consentimiento en cualquier momento con efectos para el futuro.<\/p>\n<div class=\"wpforms-field-content-display-frontend-clear\"><\/div><\/div><\/div><div id=\"wpforms-8359-field_7-container\" class=\"wpforms-field wpforms-field-gdpr-checkbox wpforms-one-half wpforms-first wpforms-mobile-full\" data-field-id=\"7\"><label class=\"wpforms-field-label wpforms-label-hide\">Acuerdo GDPR <span class=\"wpforms-required-label\">*<\/span><\/label><ul id=\"wpforms-8359-field_7\" class=\"wpforms-field-required\"><li class=\"choice-1\"><input type=\"checkbox\" id=\"wpforms-8359-field_7_1\" name=\"wpforms[fields][7][]\" value=\"ACEPTO LA &lt;a style=&quot;font-weight:bold&quot; href=&quot;https:\/\/www.mallorcanaval.es\/es\/politica-cookies&quot;&gt;POL\u00cdTICA DE PRIVACIDAD&lt;\/a&gt;\" required ><label class=\"wpforms-field-label-inline\" for=\"wpforms-8359-field_7_1\">ACEPTO LA <a style=\"font-weight:bold\" href=\"https:\/\/www.mallorcanaval.es\/es\/politica-cookies\">POL\u00cdTICA DE PRIVACIDAD<\/a> <span class=\"wpforms-required-label\">*<\/span><\/label><\/li><\/ul><\/div><script>\n\t\t\t\t( function() {\n\t\t\t\t\tconst style = document.createElement( 'style' );\n\t\t\t\t\tstyle.appendChild( document.createTextNode( '#wpforms-8359-field_2-container { position: absolute !important; overflow: hidden !important; display: inline !important; height: 1px !important; width: 1px !important; z-index: -1000 !important; padding: 0 !important; } #wpforms-8359-field_2-container input { visibility: hidden; } #wpforms-conversational-form-page #wpforms-8359-field_2-container label { counter-increment: none; }' ) );\n\t\t\t\t\tdocument.head.appendChild( style );\n\t\t\t\t\tdocument.currentScript?.remove();\n\t\t\t\t} )();\n\t\t\t<\/script><\/div><!-- .wpforms-field-container --><div class=\"wpforms-recaptcha-container wpforms-is-turnstile\" ><div class=\"wpforms-turnstile\" data-sitekey=\"0x4AAAAAACYEMucuxgH7l00T\" data-action=\"FormID-8359\"><\/div><input type=\"text\" name=\"g-recaptcha-hidden\" class=\"wpforms-recaptcha-hidden\" style=\"position:absolute!important;clip:rect(0,0,0,0)!important;height:1px!important;width:1px!important;border:0!important;overflow:hidden!important;padding:0!important;margin:0!important;\" data-rule-turnstile=\"1\"><\/div><div class=\"wpforms-submit-container\" ><input type=\"hidden\" name=\"wpforms[id]\" value=\"8359\"><input type=\"hidden\" name=\"page_title\" value=\"\"><input type=\"hidden\" name=\"page_url\" value=\"https:\/\/www.mallorcanaval.es\/es\/wp-json\/wp\/v2\/pages\/12873\"><input type=\"hidden\" name=\"url_referer\" value=\"\"><button type=\"submit\" name=\"wpforms[submit]\" id=\"wpforms-submit-8359\" class=\"wpforms-submit wpforms-one-half wpforms-mobile-full\" data-alt-text=\"Enviando...\" data-submit-text=\"ENVIAR\" aria-live=\"assertive\" value=\"wpforms-submit\">ENVIAR<\/button><\/div><\/form><\/div>  <!-- .wpforms-container -->            <\/div>\n\t\t\t\t<\/div>\n\t\t\t\t<\/div>\n\t\t\t\t\t<\/div>\n\t\t<\/div>\n\t\t\t\t\t<\/div>\n\t\t<\/section>\n\t\t\t\t<\/div>\n\t\t","protected":false},"excerpt":{"rendered":"<p>LOS YATES SELENE NO SON EMBARCACIONES DE PRODUCCI\u00d3N EN SERIE, SINO EMBARCACIONES SEMIPERSONALIZADAS, ARTESANALES Y S\u00d3LIDAS QUE EST\u00c1N DISPONIBLES PARA USTED A PRECIOS COMPARABLES A LOS DE EMBARCACIONES DE PRODUCCI\u00d3N EXISTE UNA GRAN DIFERENCIA ENTRE UN \u201cTRAWLER\u201d RECREATIVO Y UN VERDADERO BARCO DE TRAVES\u00cdA OCE\u00c1NICA COMO UN SELENE. LA CAPACIDAD DE NAVEGAR CON CONFIANZA A TRAV\u00c9S DE CUALQUIER MAR U OC\u00c9ANO, CON SEGURIDAD Y COMODIDAD, ES LA PRINCIPAL RAZ\u00d3N POR LA QUE LOS NAVEGANTES EXPERIMENTADOS ELIGEN SELENE, YA SEA PARA AVENTURAS COSTERAS, GLOBALES O EN CUALQUIER PUNTO INTERMEDIO. LAS DIFERENCIAS INCLUYEN CASCOS M\u00c1S RESISTENTES, MAMPAROS Y PUERTAS ESTANCAS, H\u00c9LICE Y<\/p>\n","protected":false},"author":3,"featured_media":0,"parent":0,"menu_order":0,"comment_status":"closed","ping_status":"closed","template":"","meta":{"site-sidebar-layout":"no-sidebar","site-content-layout":"page-builder","ast-site-content-layout":"full-width-container","site-content-style":"default","site-sidebar-style":"default","ast-global-header-display":"","ast-banner-title-visibility":"","ast-main-header-display":"","ast-hfb-above-header-display":"","ast-hfb-below-header-display":"","ast-hfb-mobile-header-display":"","site-post-title":"disabled","ast-breadcrumbs-content":"","ast-featured-img":"disabled","footer-sml-layout":"","ast-disable-related-posts":"","theme-transparent-header-meta":"default","adv-header-id-meta":"","stick-header-meta":"default","header-above-stick-meta":"","header-main-stick-meta":"","header-below-stick-meta":"","astra-migrate-meta-layouts":"set","ast-page-background-enabled":"default","ast-page-background-meta":{"desktop":{"background-color":"","background-image":"","background-repeat":"repeat","background-position":"center center","background-size":"auto","background-attachment":"scroll","background-type":"","background-media":"","overlay-type":"","overlay-color":"","overlay-opacity":"","overlay-gradient":""},"tablet":{"background-color":"","background-image":"","background-repeat":"repeat","background-position":"center center","background-size":"auto","background-attachment":"scroll","background-type":"","background-media":"","overlay-type":"","overlay-color":"","overlay-opacity":"","overlay-gradient":""},"mobile":{"background-color":"","background-image":"","background-repeat":"repeat","background-position":"center center","background-size":"auto","background-attachment":"scroll","background-type":"","background-media":"","overlay-type":"","overlay-color":"","overlay-opacity":"","overlay-gradient":""}},"ast-content-background-meta":{"desktop":{"background-color":"var(--ast-global-color-5)","background-image":"","background-repeat":"repeat","background-position":"center center","background-size":"auto","background-attachment":"scroll","background-type":"","background-media":"","overlay-type":"","overlay-color":"","overlay-opacity":"","overlay-gradient":""},"tablet":{"background-color":"var(--ast-global-color-5)","background-image":"","background-repeat":"repeat","background-position":"center center","background-size":"auto","background-attachment":"scroll","background-type":"","background-media":"","overlay-type":"","overlay-color":"","overlay-opacity":"","overlay-gradient":""},"mobile":{"background-color":"var(--ast-global-color-5)","background-image":"","background-repeat":"repeat","background-position":"center center","background-size":"auto","background-attachment":"scroll","background-type":"","background-media":"","overlay-type":"","overlay-color":"","overlay-opacity":"","overlay-gradient":""}},"footnotes":""},"class_list":["post-12873","page","type-page","status-publish","hentry"],"_links":{"self":[{"href":"https:\/\/www.mallorcanaval.es\/es\/wp-json\/wp\/v2\/pages\/12873","targetHints":{"allow":["GET"]}}],"collection":[{"href":"https:\/\/www.mallorcanaval.es\/es\/wp-json\/wp\/v2\/pages"}],"about":[{"href":"https:\/\/www.mallorcanaval.es\/es\/wp-json\/wp\/v2\/types\/page"}],"author":[{"embeddable":true,"href":"https:\/\/www.mallorcanaval.es\/es\/wp-json\/wp\/v2\/users\/3"}],"replies":[{"embeddable":true,"href":"https:\/\/www.mallorcanaval.es\/es\/wp-json\/wp\/v2\/comments?post=12873"}],"version-history":[{"count":26,"href":"https:\/\/www.mallorcanaval.es\/es\/wp-json\/wp\/v2\/pages\/12873\/revisions"}],"predecessor-version":[{"id":13237,"href":"https:\/\/www.mallorcanaval.es\/es\/wp-json\/wp\/v2\/pages\/12873\/revisions\/13237"}],"wp:attachment":[{"href":"https:\/\/www.mallorcanaval.es\/es\/wp-json\/wp\/v2\/media?parent=12873"}],"curies":[{"name":"wp","href":"https:\/\/api.w.org\/{rel}","templated":true}]}}